{"id":5237,"date":"2025-04-08T11:11:44","date_gmt":"2025-04-08T09:11:44","guid":{"rendered":"https:\/\/malandrorestaurante.es\/pescaito\/"},"modified":"2026-03-20T08:40:35","modified_gmt":"2026-03-20T07:40:35","slug":"pescaito","status":"publish","type":"page","link":"https:\/\/malandrorestaurante.es\/fr\/pescaito\/","title":{"rendered":"Pesca\u00edto"},"content":{"rendered":"\t\t<div data-elementor-type=\"wp-page\" data-elementor-id=\"5237\" class=\"elementor elementor-5237 elementor-3168\" data-elementor-post-type=\"page\">\n\t\t\t\t<div class=\"elementor-element elementor-element-5ad22fe e-con-full e-flex e-con e-parent\" data-id=\"5ad22fe\" data-element_type=\"container\" data-settings=\"{&quot;background_background&quot;:&quot;classic&quot;}\">\n\t\t<div class=\"elementor-element elementor-element-6cff227 e-flex e-con-boxed e-con e-child\" data-id=\"6cff227\" data-element_type=\"container\">\n\t\t\t\t\t<div class=\"e-con-inner\">\n\t\t\t\t<div class=\"elementor-element elementor-element-86106e1 elementor-widget elementor-widget-image\" data-id=\"86106e1\" data-element_type=\"widget\" data-widget_type=\"image.default\">\n\t\t\t\t<div class=\"elementor-widget-container\">\n\t\t\t\t\t\t\t\t\t\t\t\t\t\t\t<img fetchpriority=\"high\" decoding=\"async\" width=\"2048\" height=\"2560\" src=\"https:\/\/malandrorestaurante.es\/wp-content\/uploads\/2026\/03\/menu-pescaito-scaled.png\" class=\"attachment-full size-full wp-image-5225\" alt=\"\" srcset=\"https:\/\/malandrorestaurante.es\/wp-content\/uploads\/2026\/03\/menu-pescaito-scaled.png 2048w, https:\/\/malandrorestaurante.es\/wp-content\/uploads\/2026\/03\/menu-pescaito-768x960.png 768w, https:\/\/malandrorestaurante.es\/wp-content\/uploads\/2026\/03\/menu-pescaito-1229x1536.png 1229w, https:\/\/malandrorestaurante.es\/wp-content\/uploads\/2026\/03\/menu-pescaito-1639x2048.png 1639w\" sizes=\"(max-width: 2048px) 100vw, 2048px\" \/>\t\t\t\t\t\t\t\t\t\t\t\t\t\t\t<\/div>\n\t\t\t\t<\/div>\n\t\t\t\t\t<\/div>\n\t\t\t\t<\/div>\n\t\t<div class=\"elementor-element elementor-element-ce62b86 e-flex e-con-boxed e-con e-child\" data-id=\"ce62b86\" data-element_type=\"container\" data-settings=\"{&quot;sticky&quot;:&quot;top&quot;,&quot;sticky_on&quot;:[&quot;desktop&quot;],&quot;sticky_offset&quot;:100,&quot;sticky_parent&quot;:&quot;yes&quot;,&quot;sticky_effects_offset&quot;:0,&quot;sticky_anchor_link_offset&quot;:0}\">\n\t\t\t\t\t<div class=\"e-con-inner\">\n\t\t\t\t<div class=\"elementor-element elementor-element-55510cc elementor-widget elementor-widget-heading\" data-id=\"55510cc\" data-element_type=\"widget\" data-widget_type=\"heading.default\">\n\t\t\t\t<div class=\"elementor-widget-container\">\n\t\t\t\t\t<h1 class=\"elementor-heading-title elementor-size-default\">Pesca\u00edto<\/h1>\t\t\t\t<\/div>\n\t\t\t\t<\/div>\n\t\t\t\t<div class=\"elementor-element elementor-element-e9e30d1 elementor-widget elementor-widget-heading\" data-id=\"e9e30d1\" data-element_type=\"widget\" data-widget_type=\"heading.default\">\n\t\t\t\t<div class=\"elementor-widget-container\">\n\t\t\t\t\t<h2 class=\"elementor-heading-title elementor-size-default\">Menu servi \u00e0 table chez Malandro<\/h2>\t\t\t\t<\/div>\n\t\t\t\t<\/div>\n\t\t\t\t<div class=\"elementor-element elementor-element-6d88af1 elementor-widget elementor-widget-heading\" data-id=\"6d88af1\" data-element_type=\"widget\" data-widget_type=\"heading.default\">\n\t\t\t\t<div class=\"elementor-widget-container\">\n\t\t\t\t\t<p class=\"elementor-heading-title elementor-size-default\">20 avril 2026 \u00e0 21h30<\/p>\t\t\t\t<\/div>\n\t\t\t\t<\/div>\n\t\t\t\t<div class=\"elementor-element elementor-element-f7172ea elementor-widget elementor-widget-text-editor\" data-id=\"f7172ea\" data-element_type=\"widget\" data-widget_type=\"text-editor.default\">\n\t\t\t\t<div class=\"elementor-widget-container\">\n\t\t\t\t\t\t\t\t\t<p>Une soir\u00e9e pour venir avec style, \u00e9l\u00e9gance et l\u2019envie de passer un excellent moment. Nous nous occupons du reste : l\u2019ambiance la plus vibrante d\u2019une caseta et un exclusif Pesca\u00edto de Feria, servi avec un menu \u00e0 table afin de le savourer \u00e0 votre rythme, comme le veut la tradition.<br><br>Une exp\u00e9rience pens\u00e9e pour savourer l\u2019esprit de la Feria d\u00e8s la premi\u00e8re bouch\u00e9e.<br><br>Uniquement chez Malandro.<\/p>\t\t\t\t\t\t\t\t<\/div>\n\t\t\t\t<\/div>\n\t\t\t\t<div class=\"elementor-element elementor-element-ca416c4 elementor-widget elementor-widget-text-editor\" data-id=\"ca416c4\" data-element_type=\"widget\" data-widget_type=\"text-editor.default\">\n\t\t\t\t<div class=\"elementor-widget-container\">\n\t\t\t\t\t\t\t\t\t<p>Afin de garantir le bon d\u00e9roulement de l&rsquo;\u00e9v\u00e9nement et d&rsquo;offrir la meilleure exp\u00e9rience possible \u00e0 tous les participants, nous avons mis en place la politique d&rsquo;annulation suivante :<br \/>\u00b7 Annulations jusqu&rsquo;au 1er avril (inclus) : le montant vers\u00e9 (60 \u20ac par personne) sera int\u00e9gralement rembours\u00e9.<br \/>\u00b7 Annulations entre le 2 et le 10 avril : 50 % du montant sera rembours\u00e9.<br \/>\u00b7 Annulations \u00e0 partir du 11 avril ou absence sans pr\u00e9avis : aucun remboursement ne sera effectu\u00e9.<\/p>\t\t\t\t\t\t\t\t<\/div>\n\t\t\t\t<\/div>\n\t\t\t\t<div class=\"elementor-element elementor-element-0c4a35f elementor-hidden-mobile elementor-widget elementor-widget-button\" data-id=\"0c4a35f\" data-element_type=\"widget\" data-widget_type=\"button.default\">\n\t\t\t\t<div class=\"elementor-widget-container\">\n\t\t\t\t\t\t\t\t\t<div class=\"elementor-button-wrapper\">\n\t\t\t\t\t<a class=\"elementor-button elementor-button-link elementor-size-sm\" href=\"#form\">\n\t\t\t\t\t\t<span class=\"elementor-button-content-wrapper\">\n\t\t\t\t\t\t\t\t\t<span class=\"elementor-button-text\">R\u00c9SERVEZ VOTRE TABLE<\/span>\n\t\t\t\t\t<\/span>\n\t\t\t\t\t<\/a>\n\t\t\t\t<\/div>\n\t\t\t\t\t\t\t\t<\/div>\n\t\t\t\t<\/div>\n\t\t\t\t\t<\/div>\n\t\t\t\t<\/div>\n\t\t\t\t<\/div>\n\t\t<div class=\"elementor-element elementor-element-c5c8dfa e-flex e-con-boxed e-con e-parent\" data-id=\"c5c8dfa\" data-element_type=\"container\" id=\"form\">\n\t\t\t\t\t<div class=\"e-con-inner\">\n\t\t\t\t<div class=\"elementor-element elementor-element-1692526 elementor-widget elementor-widget-text-editor\" data-id=\"1692526\" data-element_type=\"widget\" data-widget_type=\"text-editor.default\">\n\t\t\t\t<div class=\"elementor-widget-container\">\n\t\t\t\t\t\t\t\t\t<script type=\"text\/javascript\" src=\"https:\/\/www.covermanager.com\/js\/iframeResizer.min.js\"><span data-mce-type=\"bookmark\" style=\"display: inline-block; width: 0px; overflow: hidden; line-height: 0;\" class=\"mce_SELRES_start\">\ufeff<\/span><span data-mce-type=\"bookmark\" style=\"display: inline-block; width: 0px; overflow: hidden; line-height: 0;\" class=\"mce_SELRES_start\"\/><\/script>\n<iframe id=\"restaurante-malandro\" title=\"Reservas pescaito FR\" src=\"https:\/\/www.covermanager.com\/reservation\/module_restaurant\/restaurante-malandro\/french\/2026-04-20?hour=21:30&amp;timefix=21:30\" width=\"100%\" height=\"550\" frameborder=\"0\"><\/iframe>\t\t\t\t\t\t\t\t<\/div>\n\t\t\t\t<\/div>\n\t\t\t\t\t<\/div>\n\t\t\t\t<\/div>\n\t\t\t\t<\/div>\n\t\t","protected":false},"excerpt":{"rendered":"<p>Pesca\u00edto Menu servi \u00e0 table chez Malandro 20 avril 2026 \u00e0 21h30 Une soir\u00e9e pour venir avec style, \u00e9l\u00e9gance et l\u2019envie de passer un excellent moment. Nous nous occupons du reste : l\u2019ambiance la plus vibrante d\u2019une caseta et un exclusif Pesca\u00edto de Feria, servi avec un menu \u00e0 table afin de le savourer \u00e0 [&hellip;]<\/p>\n","protected":false},"author":3,"featured_media":5239,"parent":0,"menu_order":0,"comment_status":"closed","ping_status":"closed","template":"","meta":{"footnotes":""},"class_list":["post-5237","page","type-page","status-publish","has-post-thumbnail","hentry"],"yoast_head":"<!-- This site is optimized with the Yoast SEO Premium plugin v26.1 (Yoast SEO v26.6) - https:\/\/yoast.com\/wordpress\/plugins\/seo\/ -->\n<title>Pesca\u00edto - MALANDRO<\/title>\n<meta name=\"description\" content=\"Cette ann\u00e9e, tu apportes ton \u00e9l\u00e9gance et ton envie de Feria. Nous, on te propose la #LaCaseta la plus sympa et le meilleur menu.\" \/>\n<meta name=\"robots\" content=\"index, follow, max-snippet:-1, max-image-preview:large, max-video-preview:-1\" \/>\n<link rel=\"canonical\" href=\"https:\/\/malandrorestaurante.es\/pescaito\/\" \/>\n<meta property=\"og:locale\" content=\"fr_FR\" \/>\n<meta property=\"og:type\" content=\"article\" \/>\n<meta property=\"og:title\" content=\"Pesca\u00edto\" \/>\n<meta property=\"og:description\" content=\"Cette ann\u00e9e, tu apportes ton \u00e9l\u00e9gance et ton envie de Feria. Nous, on te propose la #LaCaseta la plus sympa et le meilleur menu.\" \/>\n<meta property=\"og:url\" content=\"https:\/\/malandrorestaurante.es\/pescaito\/\" \/>\n<meta property=\"og:site_name\" content=\"MALANDRO\" \/>\n<meta property=\"article:modified_time\" content=\"2026-03-20T07:40:35+00:00\" \/>\n<meta property=\"og:image\" content=\"https:\/\/malandrorestaurante.es\/wp-content\/uploads\/2025\/02\/malandro-sevilla-restaurante-maestranza-centro-tapas-5.jpg\" \/>\n\t<meta property=\"og:image:width\" content=\"1920\" \/>\n\t<meta property=\"og:image:height\" content=\"1000\" \/>\n\t<meta property=\"og:image:type\" content=\"image\/jpeg\" \/>\n<meta name=\"twitter:card\" content=\"summary_large_image\" \/>\n<meta name=\"twitter:label1\" content=\"Dur\u00e9e de lecture estim\u00e9e\" \/>\n\t<meta name=\"twitter:data1\" content=\"2 minutes\" \/>\n<script type=\"application\/ld+json\" class=\"yoast-schema-graph\">{\"@context\":\"https:\/\/schema.org\",\"@graph\":[{\"@type\":\"WebPage\",\"@id\":\"https:\/\/malandrorestaurante.es\/pescaito\/\",\"url\":\"https:\/\/malandrorestaurante.es\/pescaito\/\",\"name\":\"Pesca\u00edto - MALANDRO\",\"isPartOf\":{\"@id\":\"https:\/\/malandrorestaurante.es\/#website\"},\"primaryImageOfPage\":{\"@id\":\"https:\/\/malandrorestaurante.es\/pescaito\/#primaryimage\"},\"image\":{\"@id\":\"https:\/\/malandrorestaurante.es\/pescaito\/#primaryimage\"},\"thumbnailUrl\":\"https:\/\/malandrorestaurante.es\/wp-content\/uploads\/2025\/02\/malandro-sevilla-restaurante-maestranza-centro-tapas-5.jpg\",\"datePublished\":\"2025-04-08T09:11:44+00:00\",\"dateModified\":\"2026-03-20T07:40:35+00:00\",\"description\":\"Cette ann\u00e9e, tu apportes ton \u00e9l\u00e9gance et ton envie de Feria. Nous, on te propose la #LaCaseta la plus sympa et le meilleur menu.\",\"breadcrumb\":{\"@id\":\"https:\/\/malandrorestaurante.es\/pescaito\/#breadcrumb\"},\"inLanguage\":\"fr-FR\",\"potentialAction\":[{\"@type\":\"ReadAction\",\"target\":[\"https:\/\/malandrorestaurante.es\/pescaito\/\"]}]},{\"@type\":\"ImageObject\",\"inLanguage\":\"fr-FR\",\"@id\":\"https:\/\/malandrorestaurante.es\/pescaito\/#primaryimage\",\"url\":\"https:\/\/malandrorestaurante.es\/wp-content\/uploads\/2025\/02\/malandro-sevilla-restaurante-maestranza-centro-tapas-5.jpg\",\"contentUrl\":\"https:\/\/malandrorestaurante.es\/wp-content\/uploads\/2025\/02\/malandro-sevilla-restaurante-maestranza-centro-tapas-5.jpg\",\"width\":1920,\"height\":1000},{\"@type\":\"BreadcrumbList\",\"@id\":\"https:\/\/malandrorestaurante.es\/pescaito\/#breadcrumb\",\"itemListElement\":[{\"@type\":\"ListItem\",\"position\":1,\"name\":\"Home\",\"item\":\"https:\/\/malandrorestaurante.es\/en\/\"},{\"@type\":\"ListItem\",\"position\":2,\"name\":\"Pesca\u00edto\"}]},{\"@type\":\"WebSite\",\"@id\":\"https:\/\/malandrorestaurante.es\/#website\",\"url\":\"https:\/\/malandrorestaurante.es\/\",\"name\":\"MALANDRO\",\"description\":\"Restaurante en Sevilla\",\"potentialAction\":[{\"@type\":\"SearchAction\",\"target\":{\"@type\":\"EntryPoint\",\"urlTemplate\":\"https:\/\/malandrorestaurante.es\/?s={search_term_string}\"},\"query-input\":{\"@type\":\"PropertyValueSpecification\",\"valueRequired\":true,\"valueName\":\"search_term_string\"}}],\"inLanguage\":\"fr-FR\"}]}<\/script>\n<!-- \/ Yoast SEO Premium plugin. -->","yoast_head_json":{"title":"Pesca\u00edto - MALANDRO","description":"Cette ann\u00e9e, tu apportes ton \u00e9l\u00e9gance et ton envie de Feria. Nous, on te propose la #LaCaseta la plus sympa et le meilleur menu.","robots":{"index":"index","follow":"follow","max-snippet":"max-snippet:-1","max-image-preview":"max-image-preview:large","max-video-preview":"max-video-preview:-1"},"canonical":"https:\/\/malandrorestaurante.es\/pescaito\/","og_locale":"fr_FR","og_type":"article","og_title":"Pesca\u00edto","og_description":"Cette ann\u00e9e, tu apportes ton \u00e9l\u00e9gance et ton envie de Feria. Nous, on te propose la #LaCaseta la plus sympa et le meilleur menu.","og_url":"https:\/\/malandrorestaurante.es\/pescaito\/","og_site_name":"MALANDRO","article_modified_time":"2026-03-20T07:40:35+00:00","og_image":[{"width":1920,"height":1000,"url":"https:\/\/malandrorestaurante.es\/wp-content\/uploads\/2025\/02\/malandro-sevilla-restaurante-maestranza-centro-tapas-5.jpg","type":"image\/jpeg"}],"twitter_card":"summary_large_image","twitter_misc":{"Dur\u00e9e de lecture estim\u00e9e":"2 minutes"},"schema":{"@context":"https:\/\/schema.org","@graph":[{"@type":"WebPage","@id":"https:\/\/malandrorestaurante.es\/pescaito\/","url":"https:\/\/malandrorestaurante.es\/pescaito\/","name":"Pesca\u00edto - MALANDRO","isPartOf":{"@id":"https:\/\/malandrorestaurante.es\/#website"},"primaryImageOfPage":{"@id":"https:\/\/malandrorestaurante.es\/pescaito\/#primaryimage"},"image":{"@id":"https:\/\/malandrorestaurante.es\/pescaito\/#primaryimage"},"thumbnailUrl":"https:\/\/malandrorestaurante.es\/wp-content\/uploads\/2025\/02\/malandro-sevilla-restaurante-maestranza-centro-tapas-5.jpg","datePublished":"2025-04-08T09:11:44+00:00","dateModified":"2026-03-20T07:40:35+00:00","description":"Cette ann\u00e9e, tu apportes ton \u00e9l\u00e9gance et ton envie de Feria. Nous, on te propose la #LaCaseta la plus sympa et le meilleur menu.","breadcrumb":{"@id":"https:\/\/malandrorestaurante.es\/pescaito\/#breadcrumb"},"inLanguage":"fr-FR","potentialAction":[{"@type":"ReadAction","target":["https:\/\/malandrorestaurante.es\/pescaito\/"]}]},{"@type":"ImageObject","inLanguage":"fr-FR","@id":"https:\/\/malandrorestaurante.es\/pescaito\/#primaryimage","url":"https:\/\/malandrorestaurante.es\/wp-content\/uploads\/2025\/02\/malandro-sevilla-restaurante-maestranza-centro-tapas-5.jpg","contentUrl":"https:\/\/malandrorestaurante.es\/wp-content\/uploads\/2025\/02\/malandro-sevilla-restaurante-maestranza-centro-tapas-5.jpg","width":1920,"height":1000},{"@type":"BreadcrumbList","@id":"https:\/\/malandrorestaurante.es\/pescaito\/#breadcrumb","itemListElement":[{"@type":"ListItem","position":1,"name":"Home","item":"https:\/\/malandrorestaurante.es\/en\/"},{"@type":"ListItem","position":2,"name":"Pesca\u00edto"}]},{"@type":"WebSite","@id":"https:\/\/malandrorestaurante.es\/#website","url":"https:\/\/malandrorestaurante.es\/","name":"MALANDRO","description":"Restaurante en Sevilla","potentialAction":[{"@type":"SearchAction","target":{"@type":"EntryPoint","urlTemplate":"https:\/\/malandrorestaurante.es\/?s={search_term_string}"},"query-input":{"@type":"PropertyValueSpecification","valueRequired":true,"valueName":"search_term_string"}}],"inLanguage":"fr-FR"}]}},"_links":{"self":[{"href":"https:\/\/malandrorestaurante.es\/fr\/wp-json\/wp\/v2\/pages\/5237","targetHints":{"allow":["GET"]}}],"collection":[{"href":"https:\/\/malandrorestaurante.es\/fr\/wp-json\/wp\/v2\/pages"}],"about":[{"href":"https:\/\/malandrorestaurante.es\/fr\/wp-json\/wp\/v2\/types\/page"}],"author":[{"embeddable":true,"href":"https:\/\/malandrorestaurante.es\/fr\/wp-json\/wp\/v2\/users\/3"}],"replies":[{"embeddable":true,"href":"https:\/\/malandrorestaurante.es\/fr\/wp-json\/wp\/v2\/comments?post=5237"}],"version-history":[{"count":7,"href":"https:\/\/malandrorestaurante.es\/fr\/wp-json\/wp\/v2\/pages\/5237\/revisions"}],"predecessor-version":[{"id":5312,"href":"https:\/\/malandrorestaurante.es\/fr\/wp-json\/wp\/v2\/pages\/5237\/revisions\/5312"}],"wp:featuredmedia":[{"embeddable":true,"href":"https:\/\/malandrorestaurante.es\/fr\/wp-json\/wp\/v2\/media\/5239"}],"wp:attachment":[{"href":"https:\/\/malandrorestaurante.es\/fr\/wp-json\/wp\/v2\/media?parent=5237"}],"curies":[{"name":"wp","href":"https:\/\/api.w.org\/{rel}","templated":true}]}}